{"id":6874,"date":"2023-01-02T16:27:01","date_gmt":"2023-01-02T16:27:01","guid":{"rendered":"https:\/\/sodecia.groupdpo.com\/home\/faqs\/"},"modified":"2025-02-24T12:58:25","modified_gmt":"2025-02-24T12:58:25","slug":"faqs","status":"publish","type":"page","link":"https:\/\/sodecia.groupdpo.com\/pt-pt\/home\/faqs\/","title":{"rendered":"FAQs"},"content":{"rendered":"<p>[et_pb_section fb_built=&#8221;1&#8243; _builder_version=&#8221;4.20.0&#8243; _module_preset=&#8221;default&#8221; background_color=&#8221;#ededed&#8221; custom_padding=&#8221;195px||||false|false&#8221; global_colors_info=&#8221;{}&#8221; theme_builder_area=&#8221;post_content&#8221;][et_pb_row _builder_version=&#8221;4.27.4&#8243; _module_preset=&#8221;default&#8221; max_width=&#8221;1380px&#8221; custom_margin=&#8221;-1px|auto||auto||&#8221; locked=&#8221;off&#8221; global_colors_info=&#8221;{}&#8221; theme_builder_area=&#8221;post_content&#8221;][et_pb_column type=&#8221;4_4&#8243; _builder_version=&#8221;4.16&#8243; _module_preset=&#8221;default&#8221; global_colors_info=&#8221;{}&#8221; theme_builder_area=&#8221;post_content&#8221;][et_pb_text _builder_version=&#8221;4.27.4&#8243; _module_preset=&#8221;default&#8221; text_font=&#8221;|300|||||||&#8221; text_text_color=&#8221;#FFFFFF&#8221; text_font_size=&#8221;22px&#8221; header_font=&#8221;Alata|700|||||||&#8221; header_text_color=&#8221;#7C1111&#8243; header_font_size=&#8221;62px&#8221; header_line_height=&#8221;1.5em&#8221; header_2_font=&#8221;Montserrat|700|||||||&#8221; header_2_text_color=&#8221;#3278ad&#8221; header_2_font_size=&#8221;55px&#8221; header_2_line_height=&#8221;1.5em&#8221; custom_margin=&#8221;||1px|||&#8221; header_font_tablet=&#8221;&#8221; header_font_phone=&#8221;&#8221; header_font_last_edited=&#8221;on|tablet&#8221; header_font_size_tablet=&#8221;62px&#8221; header_font_size_phone=&#8221;52px&#8221; header_font_size_last_edited=&#8221;on|phone&#8221; header_2_font_size_tablet=&#8221;45px&#8221; header_2_font_size_phone=&#8221;45px&#8221; header_2_font_size_last_edited=&#8221;on|phone&#8221; global_colors_info=&#8221;{}&#8221; theme_builder_area=&#8221;post_content&#8221;]<\/p>\n<h2>FAQs<\/h2>\n<p>[\/et_pb_text][et_pb_text _builder_version=&#8221;4.27.2&#8243; _module_preset=&#8221;default&#8221; text_font=&#8221;|300|||||||&#8221; text_text_color=&#8221;#6d6d6d&#8221; text_font_size=&#8221;18px&#8221; header_font=&#8221;Alata|700|||||||&#8221; header_text_color=&#8221;#7C1111&#8243; header_font_size=&#8221;62px&#8221; header_line_height=&#8221;1.5em&#8221; header_2_font=&#8221;Montserrat|700|||||||&#8221; header_2_text_color=&#8221;#3278ad&#8221; header_2_font_size=&#8221;55px&#8221; header_2_line_height=&#8221;1.5em&#8221; custom_margin=&#8221;||1px|||&#8221; header_font_tablet=&#8221;&#8221; header_font_phone=&#8221;&#8221; header_font_last_edited=&#8221;on|tablet&#8221; header_font_size_tablet=&#8221;62px&#8221; header_font_size_phone=&#8221;52px&#8221; header_font_size_last_edited=&#8221;on|phone&#8221; header_2_font_size_tablet=&#8221;45px&#8221; header_2_font_size_phone=&#8221;45px&#8221; header_2_font_size_last_edited=&#8221;on|phone&#8221; locked=&#8221;off&#8221; global_colors_info=&#8221;{}&#8221; theme_builder_area=&#8221;post_content&#8221;]Aqui est\u00e3o as respostas \u00e0s perguntas mais frequentes sobre Prote\u00e7\u00e3o de Dados, Prote\u00e7\u00e3o de Den\u00fancias, Seguran\u00e7a da Informa\u00e7\u00e3o e Conformidade Regulamentar na SODECIA .[\/et_pb_text][\/et_pb_column][\/et_pb_row][et_pb_row _builder_version=&#8221;4.27.4&#8243; _module_preset=&#8221;default&#8221; max_width=&#8221;1380px&#8221; global_colors_info=&#8221;{}&#8221; theme_builder_area=&#8221;post_content&#8221;][et_pb_column type=&#8221;4_4&#8243; _builder_version=&#8221;4.27.4&#8243; _module_preset=&#8221;default&#8221; global_colors_info=&#8221;{}&#8221; theme_builder_area=&#8221;post_content&#8221;][et_pb_text _builder_version=&#8221;4.27.4&#8243; _module_preset=&#8221;default&#8221; header_2_font=&#8221;Montserrat||||||||&#8221; header_2_text_color=&#8221;#3278ad&#8221; global_colors_info=&#8221;{}&#8221; theme_builder_area=&#8221;post_content&#8221;]<\/p>\n<h2><strong><span _ngcontent-serverapp-c87=\"\" apptooltip=\"\" class=\"text__translation\" dir=\"ltr\">Prote\u00e7\u00e3o de dados<\/span><\/strong><\/h2>\n<p>[\/et_pb_text][\/et_pb_column][\/et_pb_row][et_pb_row _builder_version=&#8221;4.27.4&#8243; _module_preset=&#8221;default&#8221; max_width=&#8221;1380px&#8221; custom_margin=&#8221;-1px|auto||auto||&#8221; locked=&#8221;off&#8221; global_colors_info=&#8221;{}&#8221; theme_builder_area=&#8221;post_content&#8221;][et_pb_column type=&#8221;4_4&#8243; _builder_version=&#8221;4.16&#8243; _module_preset=&#8221;default&#8221; global_colors_info=&#8221;{}&#8221; theme_builder_area=&#8221;post_content&#8221;][et_pb_toggle title=&#8221;O que s\u00e3o dados pessoais?&#8221; toggle_icon=&#8221;&#x27;||divi||400&#8243; open_toggle_icon=&#8221;&#x4a;||divi||400&#8243; _builder_version=&#8221;4.27.4&#8243; _module_preset=&#8221;default&#8221; title_font=&#8221;Montserrat|700|||||||&#8221; title_font_size=&#8221;18px&#8221; border_radii=&#8221;on|5px|5px|5px|5px&#8221; global_colors_info=&#8221;{}&#8221; theme_builder_area=&#8221;post_content&#8221;]<\/p>\n<p>&#8220;Dados pessoais&#8221; s\u00e3o informa\u00e7\u00f5es relativas a uma pessoa singular identificada ou identific\u00e1vel. Uma pessoa singular que possa ser identificada, direta ou indiretamente, em especial por refer\u00eancia a um identificador, como um nome, n\u00famero de identifica\u00e7\u00e3o, dados de localiza\u00e7\u00e3o, identificadores por via eletr\u00f3nica ou elementos da identidade f\u00edsica, fisiol\u00f3gica, gen\u00e9tica, mental, econ\u00f3mica, cultural ou social dessa pessoa. <\/p>\n<p>[\/et_pb_toggle][et_pb_toggle title=&#8221;Quem \u00e9 o respons\u00e1vel pelo tratamento dos meus dados pessoais na Sodecia?&#8221; toggle_icon=&#8221;&#x27;||divi||400&#8243; open_toggle_icon=&#8221;&#x4a;||divi||400&#8243; _builder_version=&#8221;4.27.4&#8243; _module_preset=&#8221;default&#8221; title_font=&#8221;Montserrat|700|||||||&#8221; title_font_size=&#8221;18px&#8221; border_radii=&#8221;on|5px|5px|5px|5px&#8221; global_colors_info=&#8221;{}&#8221; theme_builder_area=&#8221;post_content&#8221;]<\/p>\n<p>A Sodecia \u2013 Participa\u00e7\u00f5es Sociais, SGPS, SA \u00e9 a entidade respons\u00e1vel pelo tratamento dos dados pessoais. Para quest\u00f5es sobre prote\u00e7\u00e3o de dados, pode contactar o Encarregado da Prote\u00e7\u00e3o de Dados (DPO) atrav\u00e9s do email <a href=\"mailto:dpo@sodecia.com\" target=\"_blank\" rel=\"noopener\">dpo@sodecia.com<\/a>. <\/p>\n<p>[\/et_pb_toggle][et_pb_toggle title=&#8221;Como \u00e9 que a Sodecia garante a prote\u00e7\u00e3o dos meus dados pessoais?&#8221; toggle_icon=&#8221;&#x27;||divi||400&#8243; open_toggle_icon=&#8221;&#x4a;||divi||400&#8243; _builder_version=&#8221;4.27.4&#8243; _module_preset=&#8221;default&#8221; title_font=&#8221;Montserrat|700|||||||&#8221; title_font_size=&#8221;18px&#8221; border_radii=&#8221;on|5px|5px|5px|5px&#8221; global_colors_info=&#8221;{}&#8221; theme_builder_area=&#8221;post_content&#8221;]<\/p>\n<p>A Sodecia implementou um <strong>Sistema de Prote\u00e7\u00e3o de Dados Pessoais<\/strong> e um <strong>Sistema de Seguran\u00e7a da Informa\u00e7\u00e3o<\/strong>. A Sodecia est\u00e1 comprometida em cumprir todas as normas jur\u00eddicas comunit\u00e1rias e nacionais aplic\u00e1veis \u00e0 prote\u00e7\u00e3o de dados e \u00e0 seguran\u00e7a da informa\u00e7\u00e3o. S\u00e3o implementadas medidas t\u00e9cnicas e organizativas consideradas adequadas para garantir a seguran\u00e7a dos dados.  <\/p>\n<p>[\/et_pb_toggle][et_pb_toggle title=&#8221;Quais s\u00e3o os meus direitos enquanto titular de dados pessoais?&#8221; toggle_icon=&#8221;&#x27;||divi||400&#8243; open_toggle_icon=&#8221;&#x4a;||divi||400&#8243; _builder_version=&#8221;4.27.4&#8243; _module_preset=&#8221;default&#8221; title_font=&#8221;Montserrat|700|||||||&#8221; title_font_size=&#8221;18px&#8221; border_radii=&#8221;on|5px|5px|5px|5px&#8221; global_colors_info=&#8221;{}&#8221; theme_builder_area=&#8221;post_content&#8221;]<\/p>\n<p>Tem o direito de solicitar ao respons\u00e1vel pelo tratamento o acesso, a retifica\u00e7\u00e3o ou o apagamento dos seus dados pessoais. Pode solicitar a limita\u00e7\u00e3o ou a oposi\u00e7\u00e3o ao tratamento. Tem direito \u00e0 portabilidade dos dados, nas condi\u00e7\u00f5es previstas na lei. Pode apresentar reclama\u00e7\u00e3o \u00e0 Autoridade de Controlo. Para exercer os seus direitos, contacte <a href=\"mailto:dpo@sodecia.com\" target=\"_blank\" rel=\"noopener\">dpo@sodecia.com<\/a>.    <\/p>\n<p>[\/et_pb_toggle][et_pb_toggle title=&#8221;Como posso exercer os meus direitos de prote\u00e7\u00e3o de dados?&#8221; toggle_icon=&#8221;&#x27;||divi||400&#8243; open_toggle_icon=&#8221;&#x4a;||divi||400&#8243; _builder_version=&#8221;4.27.4&#8243; _module_preset=&#8221;default&#8221; title_font=&#8221;Montserrat|700|||||||&#8221; title_font_size=&#8221;18px&#8221; border_radii=&#8221;on|5px|5px|5px|5px&#8221; global_colors_info=&#8221;{}&#8221; theme_builder_area=&#8221;post_content&#8221;]<\/p>\n<p>Para exercer os seus direitos, deve contactar o Encarregado da Prote\u00e7\u00e3o de Dados atrav\u00e9s do email <a href=\"mailto:dpo@sodecia.com\" target=\"_blank\" rel=\"noopener\">dpo@sodecia.com<\/a>. Pode utilizar o <a href=\"https:\/\/sodecia.groupdpo.com\/pt-pt\/home\/formularios\/\" target=\"_blank\" rel=\"noopener\">Formul\u00e1rio para Exerc\u00edcio dos Direitos dos Titulares dos Dados Pessoais<\/a>. <\/p>\n<p>[\/et_pb_toggle][et_pb_toggle title=&#8221;Por quanto tempo a Sodecia mant\u00e9m os meus dados pessoais?&#8221; toggle_icon=&#8221;&#x27;||divi||400&#8243; open_toggle_icon=&#8221;&#x4a;||divi||400&#8243; _builder_version=&#8221;4.27.4&#8243; _module_preset=&#8221;default&#8221; title_font=&#8221;Montserrat|700|||||||&#8221; title_font_size=&#8221;18px&#8221; border_radii=&#8221;on|5px|5px|5px|5px&#8221; global_colors_info=&#8221;{}&#8221; theme_builder_area=&#8221;post_content&#8221;]<\/p>\n<p>Os dados pessoais s\u00e3o conservados apenas pelo per\u00edodo necess\u00e1rio para as finalidades que motivaram a sua recolha ou o seu posterior tratamento. O prazo de conserva\u00e7\u00e3o concreto \u00e9 especificado em cada uma das Fichas de Informa\u00e7\u00e3o sobre Tratamento de Dados. O prazo de conserva\u00e7\u00e3o de curr\u00edculos e dados pessoais de candidatos tratados pelos servi\u00e7os de gest\u00e3o de recursos humanos \u00e9 de cinco anos, por defeito.  <\/p>\n<p>[\/et_pb_toggle][et_pb_toggle title=&#8221;A Sodecia partilha os meus dados pessoais com terceiros?&#8221; toggle_icon=&#8221;&#x27;||divi||400&#8243; open_toggle_icon=&#8221;&#x4a;||divi||400&#8243; _builder_version=&#8221;4.27.4&#8243; _module_preset=&#8221;default&#8221; title_font=&#8221;Montserrat|700|||||||&#8221; title_font_size=&#8221;18px&#8221; border_radii=&#8221;on|5px|5px|5px|5px&#8221; global_colors_info=&#8221;{}&#8221; theme_builder_area=&#8221;post_content&#8221;]<\/p>\n<p>A Sodecia pode recorrer a servi\u00e7os de terceiras entidades subcontratadas, incluindo entidades com sede fora da Uni\u00e3o Europeia, para a presta\u00e7\u00e3o de determinados servi\u00e7os, podendo tal situa\u00e7\u00e3o implicar o acesso, por estas entidades, a esses dados pessoais. No entanto, os dados pessoais dos candidatos s\u00e3o objeto de tratamento exclusivamente pelos servi\u00e7os de gest\u00e3o de recursos humanos da Sodecia, n\u00e3o havendo comunica\u00e7\u00e3o de dados a terceiras entidades. <\/p>\n<p>[\/et_pb_toggle][et_pb_toggle title=&#8221;O que s\u00e3o cookies e como s\u00e3o utilizados pela Sodecia?&#8221; toggle_icon=&#8221;&#x27;||divi||400&#8243; open_toggle_icon=&#8221;&#x4a;||divi||400&#8243; _builder_version=&#8221;4.27.4&#8243; _module_preset=&#8221;default&#8221; title_font=&#8221;Montserrat|700|||||||&#8221; title_font_size=&#8221;18px&#8221; border_radii=&#8221;on|5px|5px|5px|5px&#8221; global_colors_info=&#8221;{}&#8221; theme_builder_area=&#8221;post_content&#8221;]<\/p>\n<p>Os cookies s\u00e3o pequenos ficheiros de texto com informa\u00e7\u00e3o relevante que os dispositivos utilizados para o acesso carregam atrav\u00e9s do navegador de internet quando um s\u00edtio online \u00e9 visitado. Para mais informa\u00e7\u00f5es, consulte a <a href=\"https:\/\/sodecia.groupdpo.com\/pt-pt\/home\/politicas\/\" target=\"_blank\" rel=\"noopener\">Pol\u00edtica de Cookies<\/a>. <\/p>\n<p>[\/et_pb_toggle][et_pb_toggle title=&#8221;Onde posso encontrar mais informa\u00e7\u00f5es sobre como a Sodecia trata os meus dados pessoais?&#8221; toggle_icon=&#8221;&#x27;||divi||400&#8243; open_toggle_icon=&#8221;&#x4a;||divi||400&#8243; _builder_version=&#8221;4.27.4&#8243; _module_preset=&#8221;default&#8221; title_font=&#8221;Montserrat|700|||||||&#8221; title_font_size=&#8221;18px&#8221; border_radii=&#8221;on|5px|5px|5px|5px&#8221; global_colors_info=&#8221;{}&#8221; theme_builder_area=&#8221;post_content&#8221;]<\/p>\n<p>Consulte a <a href=\"https:\/\/www.sodecia.com\/\" target=\"_blank\" rel=\"noopener\">Pol\u00edtica de Prote\u00e7\u00e3o de Dados<\/a>. Consulte as <a href=\"https:\/\/sodecia.groupdpo.com\/pt-pt\/home\/informacoes\/\" target=\"_blank\" rel=\"noopener\">Fichas de Informa\u00e7\u00e3o sobre Tratamento de Dados<\/a>.<\/p>\n<p>[\/et_pb_toggle][\/et_pb_column][\/et_pb_row][et_pb_row _builder_version=&#8221;4.27.4&#8243; _module_preset=&#8221;default&#8221; max_width=&#8221;1380px&#8221; global_colors_info=&#8221;{}&#8221; theme_builder_area=&#8221;post_content&#8221;][et_pb_column type=&#8221;4_4&#8243; _builder_version=&#8221;4.27.4&#8243; _module_preset=&#8221;default&#8221; global_colors_info=&#8221;{}&#8221; theme_builder_area=&#8221;post_content&#8221;][et_pb_text _builder_version=&#8221;4.27.4&#8243; _module_preset=&#8221;default&#8221; header_2_font=&#8221;Montserrat||||||||&#8221; header_2_text_color=&#8221;#3278ad&#8221; global_colors_info=&#8221;{}&#8221; theme_builder_area=&#8221;post_content&#8221;]<\/p>\n<h2><strong>Prote\u00e7\u00e3o de Den\u00fancias<\/strong><\/h2>\n<p>[\/et_pb_text][\/et_pb_column][\/et_pb_row][et_pb_row _builder_version=&#8221;4.27.4&#8243; _module_preset=&#8221;default&#8221; max_width=&#8221;1380px&#8221; custom_margin=&#8221;-1px|auto||auto||&#8221; locked=&#8221;off&#8221; global_colors_info=&#8221;{}&#8221; theme_builder_area=&#8221;post_content&#8221;][et_pb_column type=&#8221;4_4&#8243; _builder_version=&#8221;4.16&#8243; _module_preset=&#8221;default&#8221; global_colors_info=&#8221;{}&#8221; theme_builder_area=&#8221;post_content&#8221;][et_pb_toggle title=&#8221;O que \u00e9 o Canal de Den\u00fancias da Sodecia?&#8221; toggle_icon=&#8221;&#x27;||divi||400&#8243; open_toggle_icon=&#8221;&#x4a;||divi||400&#8243; _builder_version=&#8221;4.27.4&#8243; _module_preset=&#8221;default&#8221; title_font=&#8221;Montserrat|700|||||||&#8221; title_font_size=&#8221;18px&#8221; border_radii=&#8221;on|5px|5px|5px|5px&#8221; global_colors_info=&#8221;{}&#8221; theme_builder_area=&#8221;post_content&#8221;]<\/p>\n<p>\u00c9 um canal para comunicar informa\u00e7\u00f5es sobre irregularidades ou il\u00edcitos ocorridos na Sodecia. Garante a prote\u00e7\u00e3o dos dados pessoais dos denunciantes, em conformidade com a <a href=\"https:\/\/www.sodecia.com\/whistleblowing\/\" target=\"_blank\" rel=\"noopener\">Pol\u00edtica de Prote\u00e7\u00e3o de Denunciantes<\/a>. <\/p>\n<p>[\/et_pb_toggle][et_pb_toggle title=&#8221;Como posso fazer uma den\u00fancia na Sodecia?&#8221; toggle_icon=&#8221;&#x27;||divi||400&#8243; open_toggle_icon=&#8221;&#x4a;||divi||400&#8243; _builder_version=&#8221;4.27.4&#8243; _module_preset=&#8221;default&#8221; title_font=&#8221;Montserrat|700|||||||&#8221; title_font_size=&#8221;18px&#8221; border_radii=&#8221;on|5px|5px|5px|5px&#8221; global_colors_info=&#8221;{}&#8221; theme_builder_area=&#8221;post_content&#8221;]<\/p>\n<p>Pode fazer uma den\u00fancia atrav\u00e9s da <a href=\"https:\/\/www.sodecia.com\/whistleblowing\/\" target=\"_blank\" rel=\"noopener\">Plataforma de Den\u00fancias da Sodecia<\/a>. Pode contactar o <a href=\"https:\/\/sodecia.groupdpo.com\/pt-pt\/home\/denuncias\/\" target=\"_blank\" rel=\"noopener\">Respons\u00e1vel pelas Den\u00fancias<\/a>. Pode utilizar o <a href=\"https:\/\/sodecia.groupdpo.com\/pt-pt\/home\/formularios\/\" target=\"_blank\" rel=\"noopener\">Formul\u00e1rio de Comunica\u00e7\u00e3o de Den\u00fancias<\/a>.  <\/p>\n<p>[\/et_pb_toggle][et_pb_toggle title=&#8221;A minha identidade ser\u00e1 protegida se eu fizer uma den\u00fancia?&#8221; toggle_icon=&#8221;&#x27;||divi||400&#8243; open_toggle_icon=&#8221;&#x4a;||divi||400&#8243; _builder_version=&#8221;4.27.4&#8243; _module_preset=&#8221;default&#8221; title_font=&#8221;Montserrat|700|||||||&#8221; title_font_size=&#8221;18px&#8221; border_radii=&#8221;on|5px|5px|5px|5px&#8221; global_colors_info=&#8221;{}&#8221; theme_builder_area=&#8221;post_content&#8221;]<\/p>\n<p>Sim, a Sodecia garante a prote\u00e7\u00e3o dos dados pessoais dos denunciantes, nos termos da <a href=\"https:\/\/www.sodecia.com\/whistleblowing\/\" target=\"_blank\" rel=\"noopener\">Pol\u00edtica de Prote\u00e7\u00e3o de Denunciantes<\/a>.<\/p>\n<p>[\/et_pb_toggle][\/et_pb_column][\/et_pb_row][et_pb_row _builder_version=&#8221;4.27.4&#8243; _module_preset=&#8221;default&#8221; max_width=&#8221;1380px&#8221; global_colors_info=&#8221;{}&#8221; theme_builder_area=&#8221;post_content&#8221;][et_pb_column type=&#8221;4_4&#8243; _builder_version=&#8221;4.27.4&#8243; _module_preset=&#8221;default&#8221; global_colors_info=&#8221;{}&#8221; theme_builder_area=&#8221;post_content&#8221;][et_pb_text _builder_version=&#8221;4.27.4&#8243; _module_preset=&#8221;default&#8221; header_2_font=&#8221;Montserrat||||||||&#8221; header_2_text_color=&#8221;#3278ad&#8221; global_colors_info=&#8221;{}&#8221; theme_builder_area=&#8221;post_content&#8221;]<\/p>\n<h2><strong>Seguran\u00e7a da Informa\u00e7\u00e3o<\/strong><\/h2>\n<p>[\/et_pb_text][\/et_pb_column][\/et_pb_row][et_pb_row _builder_version=&#8221;4.27.4&#8243; _module_preset=&#8221;default&#8221; max_width=&#8221;1380px&#8221; custom_margin=&#8221;-1px|auto||auto||&#8221; locked=&#8221;off&#8221; global_colors_info=&#8221;{}&#8221; theme_builder_area=&#8221;post_content&#8221;][et_pb_column type=&#8221;4_4&#8243; _builder_version=&#8221;4.16&#8243; _module_preset=&#8221;default&#8221; global_colors_info=&#8221;{}&#8221; theme_builder_area=&#8221;post_content&#8221;][et_pb_toggle title=&#8221;O que \u00e9 um incidente de seguran\u00e7a da informa\u00e7\u00e3o e como devo report\u00e1-lo?&#8221; toggle_icon=&#8221;&#x27;||divi||400&#8243; open_toggle_icon=&#8221;&#x4a;||divi||400&#8243; _builder_version=&#8221;4.27.4&#8243; _module_preset=&#8221;default&#8221; title_font=&#8221;Montserrat|700|||||||&#8221; title_font_size=&#8221;18px&#8221; border_radii=&#8221;on|5px|5px|5px|5px&#8221; global_colors_info=&#8221;{}&#8221; theme_builder_area=&#8221;post_content&#8221;]<\/p>\n<p>Um incidente de seguran\u00e7a da informa\u00e7\u00e3o \u00e9 um evento que compromete a confidencialidade, integridade ou disponibilidade da informa\u00e7\u00e3o. Deve reportar incidentes atrav\u00e9s dos canais de comunica\u00e7\u00e3o dispon\u00edveis em <a href=\"https:\/\/sodecia.groupdpo.com\/pt-pt\/home\/seguranca\/\" target=\"_blank\" rel=\"noopener\">https:\/\/sodecia.groupdpo.com\/pt-pt\/home\/seguranca\/<\/a>. Utilize o <a href=\"https:\/\/sodecia.groupdpo.com\/pt-pt\/home\/formularios\/\" target=\"_blank\" rel=\"noopener\">Formul\u00e1rio de Comunica\u00e7\u00e3o de Incidentes de Seguran\u00e7a da Informa\u00e7\u00e3o<\/a>.  <\/p>\n<p>[\/et_pb_toggle][et_pb_toggle title=&#8221;O que \u00e9 o Ponto de Contacto Permanente de Seguran\u00e7a da Sodecia?&#8221; toggle_icon=&#8221;&#x27;||divi||400&#8243; open_toggle_icon=&#8221;&#x4a;||divi||400&#8243; _builder_version=&#8221;4.27.4&#8243; _module_preset=&#8221;default&#8221; title_font=&#8221;Montserrat|700|||||||&#8221; title_font_size=&#8221;18px&#8221; border_radii=&#8221;on|5px|5px|5px|5px&#8221; global_colors_info=&#8221;{}&#8221; theme_builder_area=&#8221;post_content&#8221;]<\/p>\n<p>\u00c9 um ponto de contacto para gest\u00e3o de incidentes de seguran\u00e7a da informa\u00e7\u00e3o e do ciberespa\u00e7o. Contacte atrav\u00e9s dos canais dispon\u00edveis em <a href=\"https:\/\/sodecia.groupdpo.com\/pt-pt\/home\/seguranca\/\" target=\"_blank\" rel=\"noopener\">https:\/\/sodecia.groupdpo.com\/pt-pt\/home\/seguranca\/<\/a>. <\/p>\n<p>[\/et_pb_toggle][\/et_pb_column][\/et_pb_row][et_pb_row _builder_version=&#8221;4.27.4&#8243; _module_preset=&#8221;default&#8221; max_width=&#8221;1380px&#8221; global_colors_info=&#8221;{}&#8221; theme_builder_area=&#8221;post_content&#8221;][et_pb_column type=&#8221;4_4&#8243; _builder_version=&#8221;4.27.4&#8243; _module_preset=&#8221;default&#8221; global_colors_info=&#8221;{}&#8221; theme_builder_area=&#8221;post_content&#8221;][et_pb_text _builder_version=&#8221;4.27.4&#8243; _module_preset=&#8221;default&#8221; header_2_font=&#8221;Montserrat||||||||&#8221; header_2_text_color=&#8221;#3278ad&#8221; global_colors_info=&#8221;{}&#8221; theme_builder_area=&#8221;post_content&#8221;]<\/p>\n<h2><strong>Conformidade Regulat\u00f3ria<\/strong><\/h2>\n<p>[\/et_pb_text][\/et_pb_column][\/et_pb_row][et_pb_row _builder_version=&#8221;4.27.4&#8243; _module_preset=&#8221;default&#8221; max_width=&#8221;1380px&#8221; custom_margin=&#8221;-1px|auto||auto||&#8221; locked=&#8221;off&#8221; global_colors_info=&#8221;{}&#8221; theme_builder_area=&#8221;post_content&#8221;][et_pb_column type=&#8221;4_4&#8243; _builder_version=&#8221;4.16&#8243; _module_preset=&#8221;default&#8221; global_colors_info=&#8221;{}&#8221; theme_builder_area=&#8221;post_content&#8221;][et_pb_toggle title=&#8221;O que \u00e9 o Programa de Cumprimento Normativo da Sodecia no \u00e2mbito da Preven\u00e7\u00e3o da Corrup\u00e7\u00e3o?&#8221; toggle_icon=&#8221;&#x27;||divi||400&#8243; open_toggle_icon=&#8221;&#x4a;||divi||400&#8243; _builder_version=&#8221;4.27.4&#8243; _module_preset=&#8221;default&#8221; title_font=&#8221;Montserrat|700|||||||&#8221; title_font_size=&#8221;18px&#8221; border_radii=&#8221;on|5px|5px|5px|5px&#8221; global_colors_info=&#8221;{}&#8221; theme_builder_area=&#8221;post_content&#8221;]<\/p>\n<p>\u00c9 um programa implementado para garantir a conformidade com as normas jur\u00eddicas em vigor, protegendo os dados pessoais dos titulares. Para den\u00fancias, utilize a <a href=\"https:\/\/www.sodecia.com\/whistleblowing\/\" target=\"_blank\" rel=\"noopener\">Plataforma de Den\u00fancias da Sodecia<\/a> ou o <a href=\"https:\/\/sodecia.groupdpo.com\/pt-pt\/home\/formularios\/\" target=\"_blank\" rel=\"noopener\">Formul\u00e1rio de Comunica\u00e7\u00e3o de Den\u00fancias<\/a>. <\/p>\n<p>[\/et_pb_toggle][et_pb_toggle title=&#8221;Onde posso encontrar as pol\u00edticas de prote\u00e7\u00e3o de dados da Sodecia?&#8221; toggle_icon=&#8221;&#x27;||divi||400&#8243; open_toggle_icon=&#8221;&#x4a;||divi||400&#8243; _builder_version=&#8221;4.27.4&#8243; _module_preset=&#8221;default&#8221; title_font=&#8221;Montserrat|700|||||||&#8221; title_font_size=&#8221;18px&#8221; border_radii=&#8221;on|5px|5px|5px|5px&#8221; global_colors_info=&#8221;{}&#8221; theme_builder_area=&#8221;post_content&#8221;]<\/p>\n<p>As pol\u00edticas de prote\u00e7\u00e3o de dados est\u00e3o dispon\u00edveis em <a href=\"https:\/\/www.sodecia.com\/\" target=\"_blank\" rel=\"noopener\">www.sodecia.com<\/a>. Consulte tamb\u00e9m as pol\u00edticas espec\u00edficas para <a href=\"https:\/\/sodecia.groupdpo.com\/pt-pt\/home\/informacoes\/\" target=\"_blank\" rel=\"noopener\">candidatos<\/a>, <a href=\"https:\/\/sodecia.groupdpo.com\/pt-pt\/home\/informacoes\/\" target=\"_blank\" rel=\"noopener\">fornecedores<\/a> e <a href=\"https:\/\/sodecia.groupdpo.com\/pt-pt\/\" target=\"_blank\" rel=\"noopener\">trabalhadores<\/a>. <\/p>\n<p>[\/et_pb_toggle][et_pb_toggle title=&#8221;Onde posso encontrar o %22Impressum%22 ou Ficha T\u00e9cnica do Website institucional?&#8221; toggle_icon=&#8221;&#x27;||divi||400&#8243; open_toggle_icon=&#8221;&#x4a;||divi||400&#8243; _builder_version=&#8221;4.27.4&#8243; _module_preset=&#8221;default&#8221; title_font=&#8221;Montserrat|700|||||||&#8221; title_font_size=&#8221;18px&#8221; border_radii=&#8221;on|5px|5px|5px|5px&#8221; global_colors_info=&#8221;{}&#8221; theme_builder_area=&#8221;post_content&#8221;]<\/p>\n<p>A informa\u00e7\u00e3o sobre o &#8220;Impressum&#8221; ou Ficha T\u00e9cnica pode ser encontrada no website institucional da Sodecia. Inclui informa\u00e7\u00f5es como a atividade principal, capital social, pa\u00edses de opera\u00e7\u00e3o e contactos do Encarregado da Prote\u00e7\u00e3o de Dados. <\/p>\n<p>[\/et_pb_toggle][\/et_pb_column][\/et_pb_row][\/et_pb_section]<\/p>\n","protected":false},"excerpt":{"rendered":"<p>FAQsAqui est\u00e3o as respostas \u00e0s perguntas mais frequentes sobre Prote\u00e7\u00e3o de Dados, Prote\u00e7\u00e3o de Den\u00fancias, Seguran\u00e7a da Informa\u00e7\u00e3o e Conformidade Regulamentar na SODECIA .Prote\u00e7\u00e3o de dados&#8221;Dados pessoais&#8221; s\u00e3o informa\u00e7\u00f5es relativas a uma pessoa singular identificada ou identific\u00e1vel. Uma pessoa singular que possa ser identificada, direta ou indiretamente, em especial por refer\u00eancia a um identificador, como [&hellip;]<\/p>\n","protected":false},"author":1,"featured_media":0,"parent":6838,"menu_order":5,"comment_status":"closed","ping_status":"closed","template":"","meta":{"_et_pb_use_builder":"on","_et_pb_old_content":"","_et_gb_content_width":"","inline_featured_image":false,"footnotes":""},"categories":[170],"tags":[],"class_list":["post-6874","page","type-page","status-publish","hentry","category-sem-categoria"],"aioseo_notices":[],"jetpack_sharing_enabled":true,"_links":{"self":[{"href":"https:\/\/sodecia.groupdpo.com\/pt-pt\/wp-json\/wp\/v2\/pages\/6874","targetHints":{"allow":["GET"]}}],"collection":[{"href":"https:\/\/sodecia.groupdpo.com\/pt-pt\/wp-json\/wp\/v2\/pages"}],"about":[{"href":"https:\/\/sodecia.groupdpo.com\/pt-pt\/wp-json\/wp\/v2\/types\/page"}],"author":[{"embeddable":true,"href":"https:\/\/sodecia.groupdpo.com\/pt-pt\/wp-json\/wp\/v2\/users\/1"}],"replies":[{"embeddable":true,"href":"https:\/\/sodecia.groupdpo.com\/pt-pt\/wp-json\/wp\/v2\/comments?post=6874"}],"version-history":[{"count":5,"href":"https:\/\/sodecia.groupdpo.com\/pt-pt\/wp-json\/wp\/v2\/pages\/6874\/revisions"}],"predecessor-version":[{"id":7264,"href":"https:\/\/sodecia.groupdpo.com\/pt-pt\/wp-json\/wp\/v2\/pages\/6874\/revisions\/7264"}],"up":[{"embeddable":true,"href":"https:\/\/sodecia.groupdpo.com\/pt-pt\/wp-json\/wp\/v2\/pages\/6838"}],"wp:attachment":[{"href":"https:\/\/sodecia.groupdpo.com\/pt-pt\/wp-json\/wp\/v2\/media?parent=6874"}],"wp:term":[{"taxonomy":"category","embeddable":true,"href":"https:\/\/sodecia.groupdpo.com\/pt-pt\/wp-json\/wp\/v2\/categories?post=6874"},{"taxonomy":"post_tag","embeddable":true,"href":"https:\/\/sodecia.groupdpo.com\/pt-pt\/wp-json\/wp\/v2\/tags?post=6874"}],"curies":[{"name":"wp","href":"https:\/\/api.w.org\/{rel}","templated":true}]}}