{"id":6871,"date":"2023-01-05T17:48:14","date_gmt":"2023-01-05T17:48:14","guid":{"rendered":"https:\/\/sodecia.groupdpo.com\/home\/informacoes\/laboral\/"},"modified":"2025-06-11T16:54:32","modified_gmt":"2025-06-11T16:54:32","slug":"laboral","status":"publish","type":"page","link":"https:\/\/sodecia.groupdpo.com\/pt-pt\/home\/informacoes\/laboral\/","title":{"rendered":"Laboral"},"content":{"rendered":"<p>[et_pb_section fb_built=&#8221;1&#8243; _builder_version=&#8221;4.27.4&#8243; _module_preset=&#8221;default&#8221; background_color=&#8221;#ededed&#8221; min_height=&#8221;100vh&#8221; global_colors_info=&#8221;{}&#8221; theme_builder_area=&#8221;post_content&#8221;][et_pb_row _builder_version=&#8221;4.27.4&#8243; _module_preset=&#8221;default&#8221; max_width=&#8221;1380px&#8221; global_colors_info=&#8221;{}&#8221; theme_builder_area=&#8221;post_content&#8221;][et_pb_column type=&#8221;4_4&#8243; _builder_version=&#8221;4.27.4&#8243; _module_preset=&#8221;default&#8221; global_colors_info=&#8221;{}&#8221; theme_builder_area=&#8221;post_content&#8221;][et_pb_text _builder_version=&#8221;4.27.4&#8243; _module_preset=&#8221;default&#8221; header_font=&#8221;Montserrat||||||||&#8221; header_text_color=&#8221;#3278ad&#8221; header_line_height=&#8221;1.4em&#8221; global_colors_info=&#8221;{}&#8221; theme_builder_area=&#8221;post_content&#8221;]<\/p>\n<h1><strong>Ficha de Informa\u00e7\u00e3o sobre Tratamento de Dados Pessoais em Contexto Laboral<\/strong><\/h1>\n<p>[\/et_pb_text][et_pb_text _builder_version=&#8221;4.27.4&#8243; _module_preset=&#8221;default&#8221; header_font=&#8221;Montserrat||||||||&#8221; header_text_color=&#8221;#3278ad&#8221; header_line_height=&#8221;1.4em&#8221; header_3_font=&#8221;Montserrat|300|||||||&#8221; header_3_line_height=&#8221;1.4em&#8221; global_colors_info=&#8221;{}&#8221; theme_builder_area=&#8221;post_content&#8221;]<\/p>\n<h3><span>Procedimentos de Gest\u00e3o de Recursos Humanos, Seguran\u00e7a, Higiene e Sa\u00fade no Trabalho e Atividades de Car\u00e1ter Social e Corporativo<\/span><\/h3>\n<p>[\/et_pb_text][\/et_pb_column][\/et_pb_row][et_pb_row _builder_version=&#8221;4.27.4&#8243; _module_preset=&#8221;default&#8221; max_width=&#8221;1380px&#8221; global_colors_info=&#8221;{}&#8221; theme_builder_area=&#8221;post_content&#8221;][et_pb_column type=&#8221;4_4&#8243; _builder_version=&#8221;4.27.4&#8243; _module_preset=&#8221;default&#8221; global_colors_info=&#8221;{}&#8221; theme_builder_area=&#8221;post_content&#8221;][et_pb_text _builder_version=&#8221;4.27.4&#8243; _module_preset=&#8221;default&#8221; global_colors_info=&#8221;{}&#8221; theme_builder_area=&#8221;post_content&#8221;]<\/p>\n<p><span>As <a href=\"https:\/\/sodecia.groupdpo.com\/pt-pt\/empresasdogruposodecia\/\" target=\"_blank\" rel=\"noopener\">Empresas do Grupo SODECIA (*)<\/a> procedem ao tratamento dos dados pessoais dos trabalhadores ou colaboradores equiparados que se encontrem em qualquer das suas instala\u00e7\u00f5es para efeitos de aplica\u00e7\u00e3o dos Procedimentos de Gest\u00e3o de Recursos Humanos, Medicina do Trabalho, Seguran\u00e7a, Higiene e Sa\u00fade no Trabalho, bem como para atividades de car\u00e1ter social e corporativo destinadas a promover o bem-estar laboral e as rela\u00e7\u00f5es interpessoais no ambiente de trabalho. Este tratamento \u00e9 realizado segundo as normas da prote\u00e7\u00e3o de dados, designadamente o Regulamento Geral sobre a Prote\u00e7\u00e3o de Dados, a Lei de Execu\u00e7\u00e3o do Regulamento Geral sobre a Prote\u00e7\u00e3o de Dados ou legisla\u00e7\u00e3o especial nos pa\u00edses de cada uma das empresas do grupo, de acordo com os seguintes par\u00e2metros:<\/span><\/p>\n<p>[\/et_pb_text][et_pb_text _builder_version=&#8221;4.27.4&#8243; _module_preset=&#8221;default&#8221; global_colors_info=&#8221;{}&#8221; theme_builder_area=&#8221;post_content&#8221;]<\/p>\n<p><strong>1. Respons\u00e1vel pelo Tratamento:<\/strong><\/p>\n<p><span>Empresas do Grupo SODECIA, representadas por Sodecia &#8212; Participa\u00e7\u00f5es Sociais, SGPS, SA (doravante designada por Sodecia), com o NIPC 503437786, com sede na Rua Ant\u00f3nio Bessa Leite, 1430, 4\u00ba &#8211; 4150-074 Porto, Portugal, telefone (+351) 220101900 e email <\/span><a href=\"mailto:sodecia@sodecia.com\" target=\"_blank\" rel=\"noopener\">sodecia@sodecia.com<\/a>.<\/p>\n<p>[\/et_pb_text][et_pb_text _builder_version=&#8221;4.27.4&#8243; _module_preset=&#8221;default&#8221; global_colors_info=&#8221;{}&#8221; theme_builder_area=&#8221;post_content&#8221;]<\/p>\n<p><strong>2. Contactos do Encarregado da Prote\u00e7\u00e3o de Dados:<\/strong><\/p>\n<p><span>O respons\u00e1vel pelo tratamento disp\u00f5e de um correio eletr\u00f3nico espec\u00edfico para efeitos de prote\u00e7\u00e3o de dados pessoais, estando o Encarregado da Prote\u00e7\u00e3o de Dados dispon\u00edvel atrav\u00e9s do endere\u00e7o <a href=\"mailto:dpo@sodecia.com\">dpo@sodecia.com<\/a> .<\/span><\/p>\n<p>[\/et_pb_text][et_pb_text _builder_version=&#8221;4.27.4&#8243; _module_preset=&#8221;default&#8221; hover_enabled=&#8221;0&#8243; global_colors_info=&#8221;{}&#8221; theme_builder_area=&#8221;post_content&#8221; sticky_enabled=&#8221;0&#8243;]<\/p>\n<p><strong>3. Categorias de Titulares de Dados:<\/strong><\/p>\n<p><span>Trabalhadores ou colaboradores equiparados que se encontram em qualquer tipo de instala\u00e7\u00f5es sob tutela ou \u00e2mbito das compet\u00eancias e responsabilidades da Sodecia, incluindo colaboradores, diretores, administradores e outros respons\u00e1veis hier\u00e1rquicos.<\/span><\/p>\n<p>[\/et_pb_text][et_pb_text _builder_version=&#8221;4.27.4&#8243; _module_preset=&#8221;default&#8221; hover_enabled=&#8221;0&#8243; global_colors_info=&#8221;{}&#8221; theme_builder_area=&#8221;post_content&#8221; sticky_enabled=&#8221;0&#8243;]<\/p>\n<p><strong>4. Dados Pessoais a Tratar:<\/strong><\/p>\n<p>Categorias gerais de dados tais como:<\/p>\n<ul>\n<li>Dados de identifica\u00e7\u00e3o pessoal e profissional;<\/li>\n<li>Dados de contacto pessoal e profissional;<\/li>\n<li>Dados da vida privada estritamente necess\u00e1rios ao cumprimento das finalidades identificadas;<\/li>\n<li>Dados temporais limitados (dia e m\u00eas de nascimento para efeitos de felicita\u00e7\u00f5es institucionais);<\/li>\n<li>Dados acad\u00e9micos e profissionais relevantes para a fun\u00e7\u00e3o;<\/li>\n<li>Dados de assiduidade e pontualidade;<\/li>\n<\/ul>\n<p>Bem como categorias especiais de dados pessoais, tais como dados relativos \u00e0 sa\u00fade considerados necess\u00e1rios \u00e0 execu\u00e7\u00e3o da rela\u00e7\u00e3o laboral no quadro da Medicina do Trabalho ou da Seguran\u00e7a, Higiene e Sa\u00fade no Trabalho e outras situa\u00e7\u00f5es similares.<\/p>\n<p>[\/et_pb_text][et_pb_text _builder_version=&#8221;4.27.4&#8243; _module_preset=&#8221;default&#8221; hover_enabled=&#8221;0&#8243; global_colors_info=&#8221;{}&#8221; theme_builder_area=&#8221;post_content&#8221; sticky_enabled=&#8221;0&#8243;]<\/p>\n<p><strong>5. Contexto e Finalidade do Tratamento<\/strong>:<\/p>\n<p><span>Os dados pessoais s\u00e3o tratados exclusivamente para as seguintes finalidades:<\/span><\/p>\n<p>[\/et_pb_text][et_pb_text _builder_version=&#8221;4.27.4&#8243; _module_preset=&#8221;default&#8221; hover_enabled=&#8221;0&#8243; global_colors_info=&#8221;{}&#8221; theme_builder_area=&#8221;post_content&#8221; sticky_enabled=&#8221;0&#8243;]<\/p>\n<p><strong>5.1. Finalidades Principais:<\/strong><\/p>\n<ul>\n<li>Gest\u00e3o de Recursos Humanos e administra\u00e7\u00e3o da rela\u00e7\u00e3o laboral;<\/li>\n<li>Aplica\u00e7\u00e3o dos Procedimentos da Medicina do Trabalho;<\/li>\n<li>Seguran\u00e7a, Higiene e Sa\u00fade no Trabalho, segundo as instru\u00e7\u00f5es emitidas pelas autoridades administrativas ou por outra entidade no contexto da Sa\u00fade no Trabalho;<\/li>\n<\/ul>\n<p>[\/et_pb_text][et_pb_text _builder_version=&#8221;4.27.4&#8243; _module_preset=&#8221;default&#8221; hover_enabled=&#8221;0&#8243; global_colors_info=&#8221;{}&#8221; theme_builder_area=&#8221;post_content&#8221; sticky_enabled=&#8221;0&#8243;]<\/p>\n<p><strong>5.2. Finalidades Complementares:<\/strong><\/p>\n<ul>\n<li>Atividades de car\u00e1ter social e corporativo, incluindo o envio de felicita\u00e7\u00f5es de anivers\u00e1rio e outras comunica\u00e7\u00f5es de cortesia institucional destinadas a promover um ambiente laboral positivo e as rela\u00e7\u00f5es interpessoais;<\/li>\n<li>Organiza\u00e7\u00e3o de eventos corporativos e atividades de team building;<\/li>\n<li>Comunica\u00e7\u00e3o interna de natureza institucional;<\/li>\n<\/ul>\n<p>[\/et_pb_text][et_pb_text _builder_version=&#8221;4.27.4&#8243; _module_preset=&#8221;default&#8221; hover_enabled=&#8221;0&#8243; global_colors_info=&#8221;{}&#8221; theme_builder_area=&#8221;post_content&#8221; sticky_enabled=&#8221;0&#8243;]<\/p>\n<p><strong>5.3. Finalidades de Gest\u00e3o Organizacional:<\/strong><\/p>\n<ul>\n<li>Comunica\u00e7\u00f5es internas relacionadas com a organiza\u00e7\u00e3o do trabalho;<\/li>\n<li>Gest\u00e3o de benef\u00edcios sociais e regalias laborais;<\/li>\n<li>Avalia\u00e7\u00e3o de desempenho e desenvolvimento profissional.<\/li>\n<\/ul>\n<p>[\/et_pb_text][et_pb_text _builder_version=&#8221;4.27.4&#8243; _module_preset=&#8221;default&#8221; hover_enabled=&#8221;0&#8243; global_colors_info=&#8221;{}&#8221; theme_builder_area=&#8221;post_content&#8221; sticky_enabled=&#8221;0&#8243;]<\/p>\n<p><strong>6. Fundamento Jur\u00eddico:<\/strong><\/p>\n<p>O tratamento dos dados tem como fundamento, consoante a finalidade espec\u00edfica:<\/p>\n<ul>\n<li>Execu\u00e7\u00e3o do contrato de trabalho (artigo 6.\u00ba, n.\u00ba 1, al\u00ednea b) do RGPD);<\/li>\n<li>Cumprimento de obriga\u00e7\u00f5es legais (artigo 6.\u00ba, n.\u00ba 1, al\u00ednea c) do RGPD);<\/li>\n<li>Prote\u00e7\u00e3o de interesses vitais (artigo 6.\u00ba, n.\u00ba 1, al\u00ednea d) do RGPD);<\/li>\n<li>Prossecu\u00e7\u00e3o de interesses leg\u00edtimos (artigo 6.\u00ba, n.\u00ba 1, al\u00ednea f) do RGPD), designadamente para as atividades de car\u00e1ter social e corporativo que visam melhorar o ambiente laboral e as rela\u00e7\u00f5es interpessoais.<\/li>\n<\/ul>\n<p>[\/et_pb_text][et_pb_text _builder_version=&#8221;4.27.4&#8243; _module_preset=&#8221;default&#8221; global_colors_info=&#8221;{}&#8221; theme_builder_area=&#8221;post_content&#8221;]<\/p>\n<p><strong>7. Consequ\u00eancias do N\u00e3o Fornecimento dos Dados:<\/strong><\/p>\n<p>O tratamento dos dados pessoais \u00e9, em regra, necess\u00e1rio para a execu\u00e7\u00e3o do contrato, o cumprimento de obriga\u00e7\u00f5es legais, a prote\u00e7\u00e3o de interesses vitais ou a prossecu\u00e7\u00e3o de interesses leg\u00edtimos. Para as finalidades obrigat\u00f3rias, pode ser condi\u00e7\u00e3o de acesso ou perman\u00eancia nas instala\u00e7\u00f5es da Sodecia, pelo que, n\u00e3o sendo realizado, est\u00e1 vedado ao titular dos dados o respetivo acesso, sendo ainda avaliadas as consequ\u00eancias para a manuten\u00e7\u00e3o da rela\u00e7\u00e3o laboral.<\/p>\n<p>Relativamente \u00e0s finalidades complementares baseadas no interesse leg\u00edtimo (designadamente felicita\u00e7\u00f5es de anivers\u00e1rio), o trabalhador pode exercer o direito de oposi\u00e7\u00e3o sem consequ\u00eancias para a rela\u00e7\u00e3o laboral.<\/p>\n<p>[\/et_pb_text][et_pb_text _builder_version=&#8221;4.27.4&#8243; _module_preset=&#8221;default&#8221; global_colors_info=&#8221;{}&#8221; theme_builder_area=&#8221;post_content&#8221;]<\/p>\n<p><strong>8. Destinat\u00e1rios:<\/strong>\u00a0<\/p>\n<p>O respons\u00e1vel pelo tratamento procede ao tratamento por si (atrav\u00e9s de t\u00e9cnicos profissionais sujeitos \u00e0 obriga\u00e7\u00e3o de sigilo profissional qualificado) ou por sua conta, atrav\u00e9s de subcontratantes credenciados para a presta\u00e7\u00e3o de servi\u00e7os por si selecionados e vinculados a estritas medidas t\u00e9cnicas e organizativas ajustadas \u00e0 prote\u00e7\u00e3o dos dados pessoais.<\/p>\n<p>Para as finalidades de car\u00e1ter social e corporativo, o acesso \u00e9 limitado aos administradores e respons\u00e1veis hier\u00e1rquicos autorizados, exclusivamente para as finalidades identificadas.<\/p>\n<p>[\/et_pb_text][et_pb_text _builder_version=&#8221;4.27.4&#8243; _module_preset=&#8221;default&#8221; hover_enabled=&#8221;0&#8243; global_colors_info=&#8221;{}&#8221; theme_builder_area=&#8221;post_content&#8221; sticky_enabled=&#8221;0&#8243;]<\/p>\n<p><strong>9. Medidas de Seguran\u00e7a:<\/strong><\/p>\n<p>Est\u00e3o implementadas as medidas de seguran\u00e7a t\u00e9cnica e organizativa consideradas adequadas para assegurar um n\u00edvel de seguran\u00e7a do tratamento dos dados adequado ao risco, incluindo:<\/p>\n<ul>\n<li>Controlos de acesso baseados em perfis de utilizador;<\/li>\n<li>Registo de auditoria das opera\u00e7\u00f5es de tratamento;<\/li>\n<li>Encripta\u00e7\u00e3o dos dados em tr\u00e2nsito e em repouso;<\/li>\n<li>Forma\u00e7\u00e3o espec\u00edfica do pessoal autorizado;<\/li>\n<li>Procedimentos de resposta a incidentes de seguran\u00e7a.<\/li>\n<\/ul>\n<p>[\/et_pb_text][et_pb_text _builder_version=&#8221;4.27.4&#8243; _module_preset=&#8221;default&#8221; hover_enabled=&#8221;0&#8243; global_colors_info=&#8221;{}&#8221; theme_builder_area=&#8221;post_content&#8221; sticky_enabled=&#8221;0&#8243;]<\/p>\n<p><strong>10. Local de Recolha de Dados:<\/strong><\/p>\n<p>Os dados s\u00e3o recolhidos ou medidos por um t\u00e9cnico de Gest\u00e3o de Recursos Humanos, de Medicina do Trabalho ou por um t\u00e9cnico de Seguran\u00e7a, Higiene e Sa\u00fade no Trabalho credenciado pela Sodecia, estando garantida a privacidade ou confidencialidade da sua recolha ou medi\u00e7\u00e3o e a respetiva integridade, qualidade e exatid\u00e3o dos dados.<\/p>\n<p>Para os dados destinados a finalidades de car\u00e1ter social, a recolha \u00e9 limitada ao estritamente necess\u00e1rio e realizada com as mesmas garantias de confidencialidade.<\/p>\n<p>[\/et_pb_text][et_pb_text _builder_version=&#8221;4.27.4&#8243; _module_preset=&#8221;default&#8221; hover_enabled=&#8221;0&#8243; global_colors_info=&#8221;{}&#8221; theme_builder_area=&#8221;post_content&#8221; sticky_enabled=&#8221;0&#8243;]<\/p>\n<p><strong>11. Prazo de Conserva\u00e7\u00e3o:\u00a0<\/strong><\/p>\n<p>Sem preju\u00edzo das situa\u00e7\u00f5es excecionais de prorroga\u00e7\u00e3o do prazo de conserva\u00e7\u00e3o previstos na lei ou consideradas necess\u00e1rias para a defesa de direitos ou interesses leg\u00edtimos, os dados pessoais tratados s\u00e3o conservados pelo per\u00edodo necess\u00e1rio \u00e0 execu\u00e7\u00e3o das finalidades, estabelecendo-se os seguintes crit\u00e9rios:<\/p>\n<p>[\/et_pb_text][et_pb_text _builder_version=&#8221;4.27.4&#8243; _module_preset=&#8221;default&#8221; global_colors_info=&#8221;{}&#8221; theme_builder_area=&#8221;post_content&#8221;]<\/p>\n<p><span><strong>11.1. Finalidades Principais:<\/strong> Per\u00edodo necess\u00e1rio \u00e0 execu\u00e7\u00e3o das finalidades dos Procedimentos de Gest\u00e3o de Recursos Humanos, de Medicina do Trabalho ou da Seguran\u00e7a, Higiene e Sa\u00fade no Trabalho;<\/span><\/p>\n<p>[\/et_pb_text][et_pb_text _builder_version=&#8221;4.27.4&#8243; _module_preset=&#8221;default&#8221; global_colors_info=&#8221;{}&#8221; theme_builder_area=&#8221;post_content&#8221;]<\/p>\n<p><span><strong>11.2. Finalidades Complementares:<\/strong> Os dados para atividades de car\u00e1ter social s\u00e3o conservados durante a vig\u00eancia da rela\u00e7\u00e3o laboral e eliminados no prazo m\u00e1ximo de 12 meses ap\u00f3s a cessa\u00e7\u00e3o da mesma;<\/span><\/p>\n<p>[\/et_pb_text][et_pb_text _builder_version=&#8221;4.27.4&#8243; _module_preset=&#8221;default&#8221; global_colors_info=&#8221;{}&#8221; theme_builder_area=&#8221;post_content&#8221;]<\/p>\n<p><span>Findo o per\u00edodo de conserva\u00e7\u00e3o aplic\u00e1vel, os dados ser\u00e3o apagados de forma segura e irrevers\u00edvel.<\/span><\/p>\n<p>[\/et_pb_text][et_pb_text _builder_version=&#8221;4.27.4&#8243; _module_preset=&#8221;default&#8221; hover_enabled=&#8221;0&#8243; global_colors_info=&#8221;{}&#8221; theme_builder_area=&#8221;post_content&#8221; sticky_enabled=&#8221;0&#8243;]<\/p>\n<p><strong>12. Comunica\u00e7\u00e3o de Dados:<\/strong><\/p>\n<p><span>Com exce\u00e7\u00e3o das situa\u00e7\u00f5es de obrigatoriedade legal de comunica\u00e7\u00e3o de dados, n\u00e3o existem opera\u00e7\u00f5es de comunica\u00e7\u00e3o de dados a terceiros. Os dados tratados para finalidades de car\u00e1ter social permanecem exclusivamente no \u00e2mbito interno das empresas do Grupo SODECIA.<\/span><\/p>\n<p>[\/et_pb_text][et_pb_text _builder_version=&#8221;4.27.4&#8243; _module_preset=&#8221;default&#8221; hover_enabled=&#8221;0&#8243; global_colors_info=&#8221;{}&#8221; theme_builder_area=&#8221;post_content&#8221; sticky_enabled=&#8221;0&#8243;]<\/p>\n<p><strong>13. Interconex\u00e3o de Dados e Decis\u00f5es Automatizadas:<\/strong><\/p>\n<p><span>N\u00e3o s\u00e3o realizadas opera\u00e7\u00f5es de interconex\u00e3o de dados pessoais nem tomadas decis\u00f5es baseadas exclusivamente em tratamento automatizado, incluindo defini\u00e7\u00e3o de perfis.<\/span><\/p>\n<p>[\/et_pb_text][et_pb_text _builder_version=&#8221;4.27.4&#8243; _module_preset=&#8221;default&#8221; hover_enabled=&#8221;0&#8243; global_colors_info=&#8221;{}&#8221; theme_builder_area=&#8221;post_content&#8221; sticky_enabled=&#8221;0&#8243;]<\/p>\n<p><strong>14. Transfer\u00eancias Internacionais de Dados Pessoais:<\/strong><\/p>\n<p><span>Com exce\u00e7\u00e3o das transfer\u00eancias realizadas dentro das empresas do grupo, para efeitos de gest\u00e3o de recursos humanos e coordena\u00e7\u00e3o das atividades corporativas, n\u00e3o s\u00e3o realizadas opera\u00e7\u00f5es de transfer\u00eancia de dados pessoais de trabalhadores para entidades em pa\u00edses terceiros ou organiza\u00e7\u00f5es internacionais.<\/span><\/p>\n<p>[\/et_pb_text][et_pb_text _builder_version=&#8221;4.27.4&#8243; _module_preset=&#8221;default&#8221; hover_enabled=&#8221;0&#8243; global_colors_info=&#8221;{}&#8221; theme_builder_area=&#8221;post_content&#8221; sticky_enabled=&#8221;0&#8243;]<\/p>\n<p><strong>15. Tratamentos e Suportes:\u00a0<\/strong><\/p>\n<p>Os dados pessoais s\u00e3o, consoante as circunst\u00e2ncias, eventualmente recolhidos ou medidos por um t\u00e9cnico da Sodecia, sendo objeto de m\u00faltiplos tratamentos de car\u00e1ter n\u00e3o automatizado e automatizado e sendo objeto de incorpora\u00e7\u00e3o em diversos tipos de suportes anal\u00f3gicos ou digitais que sejam considerados necess\u00e1rios para alcan\u00e7ar as finalidades dos Procedimentos de Gest\u00e3o de Recursos Humanos, Seguran\u00e7a Interna, de Controlo <span>de Acessos, de Preven\u00e7\u00e3o, Controlo e Vigil\u00e2ncia da Seguran\u00e7a, Higiene e Sa\u00fade no Trabalho, dos Procedimentos do Plano de Conting\u00eancia e das atividades de car\u00e1ter social e corporativo.<\/span><\/p>\n<p>[\/et_pb_text][et_pb_text _builder_version=&#8221;4.27.4&#8243; _module_preset=&#8221;default&#8221; hover_enabled=&#8221;0&#8243; global_colors_info=&#8221;{}&#8221; theme_builder_area=&#8221;post_content&#8221; sticky_enabled=&#8221;0&#8243;]<\/p>\n<p><strong>16. Direitos do Titular dos Dados:<\/strong><\/p>\n<p>O titular dos dados tem o direito de solicitar ao respons\u00e1vel pelo tratamento:<\/p>\n<ul>\n<li>Acesso aos seus dados pessoais e informa\u00e7\u00f5es sobre o tratamento;<\/li>\n<li>Retifica\u00e7\u00e3o dos dados inexatos ou incompletos;<\/li>\n<li>Apagamento dos dados nas condi\u00e7\u00f5es legalmente previstas;<\/li>\n<li>Limita\u00e7\u00e3o do tratamento em determinadas circunst\u00e2ncias;<\/li>\n<li>Oposi\u00e7\u00e3o ao tratamento, especialmente relativamente \u00e0s finalidades baseadas no interesse leg\u00edtimo, incluindo as atividades de car\u00e1ter social;<\/li>\n<li>Portabilidade dos dados, quando aplic\u00e1vel;<\/li>\n<li>Retirada do consentimento, sempre que seja este o fundamento da legitimidade do tratamento;<\/li>\n<\/ul>\n<p><span>Para exercer estes direitos, basta entrar em contacto com o Encarregado da Prote\u00e7\u00e3o de Dados da Sodecia atrav\u00e9s do contacto indicado no ponto 18.<\/span><\/p>\n<p>[\/et_pb_text][et_pb_text _builder_version=&#8221;4.27.4&#8243; _module_preset=&#8221;default&#8221; hover_enabled=&#8221;0&#8243; global_colors_info=&#8221;{}&#8221; theme_builder_area=&#8221;post_content&#8221; sticky_enabled=&#8221;0&#8243;]<\/p>\n<p><strong>17. Direito de Reclama\u00e7\u00e3o \u00e0 Autoridade de Controlo:<\/strong><\/p>\n<p><span>O titular dos dados pode sempre exercer, caso assim o considere necess\u00e1rio, o direito de apresentar reclama\u00e7\u00e3o \u00e0 autoridade de controlo nacional no \u00e2mbito da Prote\u00e7\u00e3o de Dados (Comiss\u00e3o Nacional de Prote\u00e7\u00e3o de Dados &#8211; CNPD, em Portugal).<\/span><\/p>\n<p>[\/et_pb_text][et_pb_text _builder_version=&#8221;4.27.4&#8243; _module_preset=&#8221;default&#8221; hover_enabled=&#8221;0&#8243; global_colors_info=&#8221;{}&#8221; theme_builder_area=&#8221;post_content&#8221; sticky_enabled=&#8221;0&#8243;]<\/p>\n<p><strong>18. Endere\u00e7o para Exerc\u00edcio de Direitos<\/strong>:<\/p>\n<p><span>Para solicitar qualquer informa\u00e7\u00e3o, apresentar reclama\u00e7\u00f5es ou requerer o exerc\u00edcio de direitos, \u00e9 favor contactar pelo endere\u00e7o de correio eletr\u00f3nico <a href=\"mailto:dpo@sodecia.com\">dpo@sodecia.com<\/a> ou atrav\u00e9s dos contactos indicados no ponto 1.<\/span><\/p>\n<p>[\/et_pb_text][et_pb_text _builder_version=&#8221;4.27.4&#8243; _module_preset=&#8221;default&#8221; global_colors_info=&#8221;{}&#8221; theme_builder_area=&#8221;post_content&#8221;]<\/p>\n<p><strong>19. Pol\u00edtica de Prote\u00e7\u00e3o de Dados:<\/strong>\u00a0<\/p>\n<p><span>As opera\u00e7\u00f5es de tratamento de dados pessoais s\u00e3o realizadas de acordo com a Pol\u00edtica de Prote\u00e7\u00e3o de Dados Geral que se encontra dispon\u00edvel em <a href=\"http:\/\/www.sodecia.com\">www.sodecia.com<\/a> .<\/span><\/p>\n<p>[\/et_pb_text][et_pb_text _builder_version=&#8221;4.27.4&#8243; _module_preset=&#8221;default&#8221; global_colors_info=&#8221;{}&#8221; theme_builder_area=&#8221;post_content&#8221;]<\/p>\n<p><strong>20. Regulamento e Folhetos Informativos:<\/strong>\u00a0<\/p>\n<p><span>O Regulamento e os Folhetos Informativos dos Procedimentos de Gest\u00e3o de Recursos Humanos, Medicina do Trabalho, da Seguran\u00e7a, Higiene e Sa\u00fade no Trabalho, do Plano de Conting\u00eancia e das Atividades de Car\u00e1ter Social e Corporativo est\u00e3o dispon\u00edveis para consulta na Dire\u00e7\u00e3o de Recursos Humanos da Sodecia.<\/span><\/p>\n<p>[\/et_pb_text][et_pb_text _builder_version=&#8221;4.27.4&#8243; _module_preset=&#8221;default&#8221; global_colors_info=&#8221;{}&#8221; theme_builder_area=&#8221;post_content&#8221;]<\/p>\n<p><strong>21. Exerc\u00edcio do Direito de Oposi\u00e7\u00e3o para Finalidades Espec\u00edficas<\/strong><\/p>\n<p><span><strong>Especificamente para as atividades de car\u00e1ter social e corporativo<\/strong> (incluindo felicita\u00e7\u00f5es de anivers\u00e1rio), o trabalhador pode exercer o direito de oposi\u00e7\u00e3o de forma simples e gratuita, atrav\u00e9s dos contactos indicados, sem que tal tenha qualquer consequ\u00eancia negativa para a rela\u00e7\u00e3o laboral.<\/span><\/p>\n<p>[\/et_pb_text][et_pb_text _builder_version=&#8221;4.27.4&#8243; _module_preset=&#8221;default&#8221; global_colors_info=&#8221;{}&#8221; theme_builder_area=&#8221;post_content&#8221;]<\/p>\n<p><span><strong>Data de entrada em vigor:<\/strong> [Data] <\/span><\/p>\n<p><span><strong>Vers\u00e3o:<\/strong> 2.0 <\/span><\/p>\n<p><strong>Aprova\u00e7\u00e3o: <\/strong><span>Recursos Humanos do Grupo SODECIA<\/span><\/p>\n<p>[\/et_pb_text][et_pb_text _builder_version=&#8221;4.27.4&#8243; _module_preset=&#8221;default&#8221; global_colors_info=&#8221;{}&#8221; theme_builder_area=&#8221;post_content&#8221;]<\/p>\n<p><em>(*) Esta ficha de informa\u00e7\u00e3o aplica-se a todas as empresas do Grupo SODECIA, podendo existir especificidades adicionais em fun\u00e7\u00e3o da legisla\u00e7\u00e3o local aplic\u00e1vel em cada pa\u00eds de opera\u00e7\u00e3o. Para informa\u00e7\u00e3o detalhada e atualizada sobre o tratamento de dados pessoais em cada empresa espec\u00edfica, dever\u00e1 consultar a Ficha aplic\u00e1vel em cada uma das empresas do Grupo, dispon\u00edvel na Plataforma de Prote\u00e7\u00e3o de Dados acess\u00edvel atrav\u00e9s da hiperliga\u00e7\u00e3o <a href=\"https:\/\/sodecia.groupdpo.com\/\" target=\"_blank\" rel=\"noopener\">sodecia.groupdpo.com<\/a>.<\/em><\/p>\n<p>[\/et_pb_text][\/et_pb_column][\/et_pb_row][\/et_pb_section]<\/p>\n","protected":false},"excerpt":{"rendered":"<p>Ficha de Informa\u00e7\u00e3o sobre Tratamento de Dados Pessoais em Contexto LaboralProcedimentos de Gest\u00e3o de Recursos Humanos, Seguran\u00e7a, Higiene e Sa\u00fade no Trabalho e Atividades de Car\u00e1ter Social e CorporativoAs Empresas do Grupo SODECIA (*) procedem ao tratamento dos dados pessoais dos trabalhadores ou colaboradores equiparados que se encontrem em qualquer das suas instala\u00e7\u00f5es para efeitos [&hellip;]<\/p>\n","protected":false},"author":1,"featured_media":0,"parent":6814,"menu_order":4,"comment_status":"closed","ping_status":"closed","template":"","meta":{"_et_pb_use_builder":"on","_et_pb_old_content":"","_et_gb_content_width":"","inline_featured_image":false,"footnotes":""},"categories":[170],"tags":[],"class_list":["post-6871","page","type-page","status-publish","hentry","category-sem-categoria"],"aioseo_notices":[],"jetpack_sharing_enabled":true,"_links":{"self":[{"href":"https:\/\/sodecia.groupdpo.com\/pt-pt\/wp-json\/wp\/v2\/pages\/6871","targetHints":{"allow":["GET"]}}],"collection":[{"href":"https:\/\/sodecia.groupdpo.com\/pt-pt\/wp-json\/wp\/v2\/pages"}],"about":[{"href":"https:\/\/sodecia.groupdpo.com\/pt-pt\/wp-json\/wp\/v2\/types\/page"}],"author":[{"embeddable":true,"href":"https:\/\/sodecia.groupdpo.com\/pt-pt\/wp-json\/wp\/v2\/users\/1"}],"replies":[{"embeddable":true,"href":"https:\/\/sodecia.groupdpo.com\/pt-pt\/wp-json\/wp\/v2\/comments?post=6871"}],"version-history":[{"count":13,"href":"https:\/\/sodecia.groupdpo.com\/pt-pt\/wp-json\/wp\/v2\/pages\/6871\/revisions"}],"predecessor-version":[{"id":7490,"href":"https:\/\/sodecia.groupdpo.com\/pt-pt\/wp-json\/wp\/v2\/pages\/6871\/revisions\/7490"}],"up":[{"embeddable":true,"href":"https:\/\/sodecia.groupdpo.com\/pt-pt\/wp-json\/wp\/v2\/pages\/6814"}],"wp:attachment":[{"href":"https:\/\/sodecia.groupdpo.com\/pt-pt\/wp-json\/wp\/v2\/media?parent=6871"}],"wp:term":[{"taxonomy":"category","embeddable":true,"href":"https:\/\/sodecia.groupdpo.com\/pt-pt\/wp-json\/wp\/v2\/categories?post=6871"},{"taxonomy":"post_tag","embeddable":true,"href":"https:\/\/sodecia.groupdpo.com\/pt-pt\/wp-json\/wp\/v2\/tags?post=6871"}],"curies":[{"name":"wp","href":"https:\/\/api.w.org\/{rel}","templated":true}]}}